{"id":738,"date":"2018-06-12T19:26:08","date_gmt":"2018-06-12T19:26:08","guid":{"rendered":"http:\/\/steuerkanzlei-hehl.de\/?page_id=738"},"modified":"2021-07-01T15:02:27","modified_gmt":"2021-07-01T15:02:27","slug":"datenschutzvereinbarung","status":"publish","type":"page","link":"https:\/\/steuerkanzlei-hehl.de\/?page_id=738","title":{"rendered":"Datenschutzvereinbarung"},"content":{"rendered":"<p>[vc_row][vc_column width=&#8220;2\/3&#8243;][vc_column_text]<\/p>\n<div class=\"pos-75 vis-2 section-2\">\n<div class=\"vis pos-18 size-72 cont-11\">\n<h1 class=\"para-4\" style=\"text-align: left;\"><\/h1>\n<h1 class=\"para-4\" style=\"text-align: left;\"><span class=\"font-32\">Datenschutzerkl\u00e4rung nach der DSGVO<\/span><\/h1>\n<p class=\"para-4\" style=\"text-align: left;\"><span class=\"font-34\">Name und Anschrift des Verantwortlichen<\/span><\/p>\n<p class=\"para-4\" style=\"text-align: left;\"><span class=\"font-35\">Der Verantwortliche im Sinne der Datenschutz-Grundverordnung und anderer nationaler Datenschutzgesetze der Mitgliedsstaaten sowie sonstiger datenschutzrechtlicher Bestimmungen ist:<\/span><\/p>\n<p class=\"para-4\" style=\"text-align: left;\"><span class=\"font-35\">Steuerberaterin<\/span><\/p>\n<p style=\"text-align: left;\">Steuerberaterin<br \/>\nKatrin Hehl<br \/>\nS\u00fcdstra\u00dfe 10<br \/>\n56422 Wirges<br \/>\nDeutschland<br \/>\nTel.: (02602) 918 9200<\/p>\n<p class=\"para-4\" style=\"text-align: left;\"><span class=\"font-35\">E-Mail: <\/span><span class=\"text-contact\">kanzlei@steuerkanzlei-hehl.de<\/span><\/p>\n<p class=\"para-4\" style=\"text-align: left;\"><span class=\"font-35\">Website: www.steuerkanzlei-hehl.de<\/span><\/p>\n<p class=\"para-4\" style=\"text-align: left;\"><span class=\"font-34\">\u2009<\/span><\/p>\n<p class=\"para-4\" style=\"text-align: left;\"><span class=\"font-34\">Allgemeines zur Datenverarbeitung<\/span><\/p>\n<p class=\"para-4\" style=\"text-align: left;\"><span class=\"font-34\">1. Umfang der Verarbeitung personenbezogener Daten<\/span><\/p>\n<p class=\"para-4\" style=\"text-align: left;\"><span class=\"font-35\">Wir verarbeiten personenbezogene Daten unserer Nutzer grunds\u00e4tzlich nur, soweit dies zur Bereitstellung einer funktionsf\u00e4higen Website sowie unserer Inhalte und Leistungen erforderlich ist. Die Verarbeitung personenbezogener Daten unserer Nutzer erfolgt regelm\u00e4\u00dfig nur nach Einwilligung des Nutzers. Eine Ausnahme gilt in solchen F\u00e4llen, in denen eine vorherige Einholung einer Einwilligung aus tats\u00e4chlichen Gr\u00fcnden nicht m\u00f6glich ist und die Verarbeitung der Daten durch gesetzliche Vorschriften gestattet ist.\u00a0<\/span><\/p>\n<p class=\"para-4\" style=\"text-align: left;\"><span class=\"font-35\">\u2009<\/span><\/p>\n<p class=\"para-4\" style=\"text-align: left;\"><span class=\"font-34\">2. Rechtsgrundlage f\u00fcr die Verarbeitung personenbezogener Daten<\/span><\/p>\n<p class=\"para-4\" style=\"text-align: left;\"><span class=\"font-35\">Soweit wir f\u00fcr Verarbeitungsvorg\u00e4nge personenbezogener Daten eine Einwilligung der betroffenen Person einholen, dient Art.\u00a06 Abs.\u00a01 lit.\u00a0a EU-Datenschutzgrundverordnung (DSGVO) als Rechtsgrundlage.<\/span><\/p>\n<p class=\"para-4\" style=\"text-align: left;\"><span class=\"font-35\">Bei der Verarbeitung von personenbezogenen Daten, die zur Erf\u00fcllung eines Vertrages, dessen Vertragspartei die betroffene Person ist, erforderlich ist, dient Art.\u00a06 Abs.\u00a01 lit.\u00a0b DSGVO als Rechtsgrundlage. Dies gilt auch f\u00fcr Verarbeitungsvorg\u00e4nge, die zur Durchf\u00fchrung vorvertraglicher Ma\u00dfnahmen erforderlich sind.<\/span><\/p>\n<p class=\"para-4\" style=\"text-align: left;\"><span class=\"font-35\">Soweit eine Verarbeitung personenbezogener Daten zur Erf\u00fcllung einer rechtlichen Verpflichtung erforderlich ist, der unser Unternehmen unterliegt, dient Art.\u00a06 Abs.\u00a01 lit.\u00a0c DSGVO als Rechtsgrundlage.<\/span><\/p>\n<p class=\"para-4\" style=\"text-align: left;\"><span class=\"font-35\">F\u00fcr den Fall, dass lebenswichtige Interessen der betroffenen Person oder einer anderen nat\u00fcrlichen Person eine Verarbeitung personenbezogener Daten erforderlich machen, dient Art.\u00a06 Abs.\u00a01 lit.\u00a0d DSGVO als Rechtsgrundlage.<\/span><\/p>\n<p class=\"para-4\" style=\"text-align: left;\"><span class=\"font-35\">Ist die Verarbeitung zur Wahrung eines berechtigten Interesses unseres Unternehmens oder eines Dritten erforderlich und \u00fcberwiegen die Interessen, Grundrechte und Grundfreiheiten des Betroffenen das erstgenannte Interesse nicht, so dient Art.\u00a06 Abs.\u00a01 lit.\u00a0f DSGVO als Rechtsgrundlage f\u00fcr die Verarbeitung.\u00a0<\/span><\/p>\n<p class=\"para-4\" style=\"text-align: left;\"><span class=\"font-35\">\u2009<\/span><\/p>\n<p class=\"para-4\" style=\"text-align: left;\"><span class=\"font-34\">3. Datenl\u00f6schung und Speicherdauer<\/span><\/p>\n<p class=\"para-4\" style=\"text-align: left;\"><span class=\"font-35\">Die personenbezogenen Daten der betroffenen Person werden gel\u00f6scht oder gesperrt, sobald der Zweck der Speicherung entf\u00e4llt. Eine Speicherung kann dar\u00fcber hinaus erfolgen, wenn dies durch den europ\u00e4ischen oder nationalen Gesetzgeber in unionsrechtlichen Verordnungen, Gesetzen oder sonstigen Vorschriften, denen der Verantwortliche unterliegt, vorgesehen wurde. Eine Sperrung oder L\u00f6schung der Daten erfolgt auch dann, wenn eine durch die genannten Normen vorgeschriebene Speicherfrist abl\u00e4uft, es sei denn, dass eine Erforderlichkeit zur weiteren Speicherung der Daten f\u00fcr einen Vertragsabschluss oder eine Vertragserf\u00fcllung besteht.<\/span><\/p>\n<p class=\"para-4\" style=\"text-align: left;\"><span class=\"font-35\">\u00a0 \u00a0 I.\u00a0 \u00a0 Bereitstellung der Website und Erstellung von Logfiles<\/span><\/p>\n<p class=\"para-4\" style=\"text-align: left;\"><span class=\"font-35\">\u00a0 \u00a0 1.\u00a0 \u00a0 Beschreibung und Umfang der Datenverarbeitung<\/span><\/p>\n<p class=\"para-4\" style=\"text-align: left;\"><span class=\"font-35\">Bei jedem Aufruf unserer Internetseite erfasst unser System automatisiert Daten und Informationen vom Computersystem des aufrufenden Rechners.\u00a0<\/span><\/p>\n<p class=\"para-4\" style=\"text-align: left;\"><span class=\"font-35\">Folgende Daten werden hierbei erhoben:<\/span><\/p>\n<p class=\"para-4\" style=\"text-align: left;\"><span class=\"font-35\">Informationen \u00fcber den Browsertyp und die verwendete Version<\/span><\/p>\n<p class=\"para-4\" style=\"text-align: left;\"><span class=\"font-35\">Das Betriebssystem des Nutzers<\/span><\/p>\n<p class=\"para-4\" style=\"text-align: left;\"><span class=\"font-35\">Den Internet-Service-Provider des Nutzers<\/span><\/p>\n<p class=\"para-4\" style=\"text-align: left;\"><span class=\"font-35\">Die IP-Adresse des Nutzers<\/span><\/p>\n<p class=\"para-4\" style=\"text-align: left;\"><span class=\"font-35\">Datum und Uhrzeit des Zugriffs<\/span><\/p>\n<p class=\"para-4\" style=\"text-align: left;\"><span class=\"font-35\">Websites, von denen das System des Nutzers auf unsere Internetseite gelangt\u00a0<\/span><\/p>\n<p class=\"para-4\" style=\"text-align: left;\"><span class=\"font-35\">Websites, die vom System des Nutzers \u00fcber unsere Website aufgerufen werden<\/span><\/p>\n<p class=\"para-4\" style=\"text-align: left;\"><span class=\"font-35\">\u00a0 \u00a0 2.\u00a0 \u00a0 Rechtsgrundlage f\u00fcr die Datenverarbeitung\u00a0<\/span><\/p>\n<p class=\"para-4\" style=\"text-align: left;\"><span class=\"font-35\">Rechtsgrundlage f\u00fcr die vor\u00fcbergehende Speicherung der Daten ist Art.\u00a06 Abs.\u00a01 lit.\u00a0f DSGVO.\u00a0<\/span><\/p>\n<p class=\"para-4\" style=\"text-align: left;\"><span class=\"font-35\">\u00a0 \u00a0 3.\u00a0 \u00a0 Zweck der Datenverarbeitung<\/span><\/p>\n<p class=\"para-4\" style=\"text-align: left;\"><span class=\"font-35\">Die vor\u00fcbergehende Speicherung der IP-Adresse durch das System ist notwendig, um eine Auslieferung der Website an den Rechner des Nutzers zu erm\u00f6glichen. Hierf\u00fcr muss die IP-Adresse des Nutzers f\u00fcr die Dauer der Sitzung gespeichert bleiben.\u00a0<\/span><\/p>\n<p class=\"para-4\" style=\"text-align: left;\"><span class=\"font-35\">In diesen Zwecken liegt auch unser berechtigtes Interesse an der Datenverarbeitung nach Art.\u00a06 Abs.\u00a01 lit.\u00a0f DSGVO.<\/span><\/p>\n<p class=\"para-4\" style=\"text-align: left;\"><span class=\"font-35\">\u00a0 \u00a0 4.\u00a0 \u00a0 Dauer der Speicherung<\/span><\/p>\n<p class=\"para-4\" style=\"text-align: left;\"><span class=\"font-35\">Die Daten werden gel\u00f6scht, sobald sie f\u00fcr die Erreichung des Zweckes ihrer Erhebung nicht mehr erforderlich sind. Im Falle der Erfassung der Daten zur Bereitstellung der Website ist dies der Fall, wenn die jeweilige Sitzung beendet ist.\u00a0<\/span><\/p>\n<p class=\"para-4\" style=\"text-align: left;\"><span class=\"font-35\">\u00a0 \u00a0 5.\u00a0 \u00a0 Widerspruchs- und Beseitigungsm\u00f6glichkeit<\/span><\/p>\n<p class=\"para-4\" style=\"text-align: left;\"><span class=\"font-35\">Die Erfassung der Daten zur Bereitstellung der Website und die Speicherung der Daten in Logfiles ist f\u00fcr den Betrieb der Internetseite zwingend erforderlich. Es besteht folglich seitens des Nutzers keine Widerspruchsm\u00f6glichkeit.\u00a0<\/span><\/p>\n<p class=\"para-4\" style=\"text-align: left;\"><span class=\"font-35\">\u2009<\/span><\/p>\n<p class=\"para-4\" style=\"text-align: left;\"><span class=\"font-34\">\u00a0 \u00a0 II.\u00a0 \u00a0 Verwendung von Cookies<\/span><\/p>\n<p class=\"para-4\" style=\"text-align: left;\"><span class=\"font-35\">a) Beschreibung und Umfang der Datenverarbeitung<\/span><\/p>\n<p class=\"para-4\" style=\"text-align: left;\"><span class=\"font-35\">Unsere Webseite verwendet Cookies. Bei Cookies handelt es sich um Textdateien, die im Internetbrowser bzw. vom Internetbrowser auf dem Computersystem des Nutzers gespeichert werden. Ruft ein Nutzer eine Website auf, so kann ein Cookie auf dem Betriebssystem des Nutzers gespeichert werden. Dieser Cookie enth\u00e4lt eine charakteristische Zeichenfolge, die eine eindeutige Identifizierung des Browsers beim erneuten Aufrufen der Website erm\u00f6glicht.\u00a0<\/span><\/p>\n<p class=\"para-4\" style=\"text-align: left;\"><span class=\"font-35\">Wir setzen Cookies ein, um unsere Website nutzerfreundlicher zu gestalten. Einige Elemente unserer Internetseite erfordern es, dass der aufrufende Browser auch nach einem Seitenwechsel identifiziert werden kann.\u00a0<\/span><\/p>\n<p class=\"para-4\" style=\"text-align: left;\"><span class=\"font-35\">b) Rechtsgrundlage f\u00fcr die Datenverarbeitung\u00a0<\/span><\/p>\n<p class=\"para-4\" style=\"text-align: left;\"><span class=\"font-35\">Die Rechtsgrundlage f\u00fcr die Verarbeitung personenbezogener Daten unter Verwendung von Cookies ist Art.\u00a06 Abs.\u00a01 lit.\u00a0f DSGVO.<\/span><\/p>\n<p class=\"para-4\" style=\"text-align: left;\"><span class=\"font-35\">c) Zweck der Datenverarbeitung<\/span><\/p>\n<p class=\"para-4\" style=\"text-align: left;\"><span class=\"font-35\">Der Zweck der Verwendung technisch notwendiger Cookies ist, die Nutzung von Websites f\u00fcr die Nutzer zu vereinfachen. Einige Funktionen unserer Internetseite k\u00f6nnen ohne den Einsatz von Cookies nicht angeboten werden. F\u00fcr diese ist es erforderlich, dass der Browser auch nach einem Seitenwechsel wiedererkannt wird.<\/span><\/p>\n<p class=\"para-4\" style=\"text-align: left;\"><span class=\"font-35\">In diesen Zwecken liegt auch unser berechtigtes Interesse in der Verarbeitung der personenbezogenen Daten nach Art.\u00a06 Abs.\u00a01 lit.\u00a0f DSGVO.\u00a0<\/span><\/p>\n<p class=\"para-4\" style=\"text-align: left;\"><span class=\"font-35\">e) Dauer der Speicherung, Widerspruchs- und Beseitigungsm\u00f6glichkeit<\/span><\/p>\n<p class=\"para-4\" style=\"text-align: left;\"><span class=\"font-35\">Cookies werden auf dem Rechner des Nutzers gespeichert und von diesem an unserer Seite \u00fcbermittelt. Daher haben Sie als Nutzer auch die volle Kontrolle \u00fcber die Verwendung von Cookies. Durch eine \u00c4nderung der Einstellungen in Ihrem Internetbrowser k\u00f6nnen Sie die \u00dcbertragung von Cookies deaktivieren oder einschr\u00e4nken. Bereits gespeicherte Cookies k\u00f6nnen jederzeit gel\u00f6scht werden. Dies kann auch automatisiert erfolgen. Werden Cookies f\u00fcr unsere Website deaktiviert, k\u00f6nnen m\u00f6glicherweise nicht mehr alle Funktionen der Website vollumf\u00e4nglich genutzt werden.<\/span><\/p>\n<p class=\"para-4\" style=\"text-align: left;\"><span class=\"font-34\">\u00a0 \u00a0 III.\u00a0 \u00a0 Rechte der betroffenen Person<\/span><\/p>\n<p class=\"para-4\" style=\"text-align: left;\"><span class=\"font-35\">Werden personenbezogene Daten von Ihnen verarbeitet, sind Sie Betroffener i.S.d. DSGVO und es stehen Ihnen folgende Rechte gegen\u00fcber dem Verantwortlichen zu:<\/span><\/p>\n<p class=\"para-4\" style=\"text-align: left;\"><span class=\"font-35\">\u00a0 \u00a0 1.\u00a0 \u00a0 Auskunftsrecht<\/span><\/p>\n<p class=\"para-4\" style=\"text-align: left;\"><span class=\"font-35\">Sie k\u00f6nnen von dem Verantwortlichen eine Best\u00e4tigung dar\u00fcber verlangen, ob personenbezogene Daten, die Sie betreffen, von uns verarbeitet werden.\u00a0<\/span><\/p>\n<p class=\"para-4\" style=\"text-align: left;\"><span class=\"font-35\">Liegt eine solche Verarbeitung vor, k\u00f6nnen Sie von dem Verantwortlichen \u00fcber folgende Informationen Auskunft verlangen:<\/span><\/p>\n<p class=\"para-4\" style=\"text-align: left;\"><span class=\"font-35\">(1)\u00a0 \u00a0 die Zwecke, zu denen die personenbezogenen Daten verarbeitet werden;<\/span><\/p>\n<p class=\"para-4\" style=\"text-align: left;\"><span class=\"font-35\">(2)\u00a0 \u00a0 die Kategorien von personenbezogenen Daten, welche verarbeitet werden;<\/span><\/p>\n<p class=\"para-4\" style=\"text-align: left;\"><span class=\"font-35\">(3)\u00a0 \u00a0 die Empf\u00e4nger bzw. die Kategorien von Empf\u00e4ngern, gegen\u00fcber denen die Sie betreffenden personenbezogenen Daten offengelegt wurden oder noch offengelegt werden;<\/span><\/p>\n<p class=\"para-4\" style=\"text-align: left;\"><span class=\"font-35\">(4)\u00a0 \u00a0 die geplante Dauer der Speicherung der Sie betreffenden personenbezogenen Daten oder, falls konkrete Angaben hierzu nicht m\u00f6glich sind, Kriterien f\u00fcr die Festlegung der Speicherdauer;<\/span><\/p>\n<p class=\"para-4\" style=\"text-align: left;\"><span class=\"font-35\">(5)\u00a0 \u00a0 das Bestehen eines Rechts auf Berichtigung oder L\u00f6schung der Sie betreffenden personenbezogenen Daten, eines Rechts auf Einschr\u00e4nkung der Verarbeitung durch den Verantwortlichen oder eines Widerspruchsrechts gegen diese Verarbeitung;\u00a0<\/span><\/p>\n<p class=\"para-4\" style=\"text-align: left;\"><span class=\"font-35\">(6)\u00a0 \u00a0 das Bestehen eines Beschwerderechts bei einer Aufsichtsbeh\u00f6rde;<\/span><\/p>\n<p class=\"para-4\" style=\"text-align: left;\"><span class=\"font-35\">(7)\u00a0 \u00a0 alle verf\u00fcgbaren Informationen \u00fcber die Herkunft der Daten, wenn die personenbezogenen Daten nicht bei der betroffenen Person erhoben werden;<\/span><\/p>\n<p class=\"para-4\" style=\"text-align: left;\"><span class=\"font-35\">(8)\u00a0 \u00a0 das Bestehen einer automatisierten Entscheidungsfindung einschlie\u00dflich Profiling gem\u00e4\u00df Art.\u00a022 Abs.\u00a01 und 4 DSGVO und \u2013 zumindest in diesen F\u00e4llen \u2013 aussagekr\u00e4ftige Informationen \u00fcber die involvierte Logik sowie die Tragweite und die angestrebten Auswirkungen einer derartigen Verarbeitung f\u00fcr die betroffene Person.<\/span><\/p>\n<p class=\"para-4\" style=\"text-align: left;\"><span class=\"font-35\">Ihnen steht das Recht zu, Auskunft dar\u00fcber zu verlangen, ob die Sie betreffenden personenbezogenen Daten in ein Drittland oder an eine internationale Organisation \u00fcbermittelt werden. In diesem Zusammenhang k\u00f6nnen Sie verlangen, \u00fcber die geeigneten Garantien gem. Art.\u00a046 DSGVO im Zusammenhang mit der \u00dcbermittlung unterrichtet zu werden.<\/span><\/p>\n<p class=\"para-4\" style=\"text-align: left;\"><span class=\"font-35\">Recht auf Berichtigung\u00a0<\/span><\/p>\n<p class=\"para-4\" style=\"text-align: left;\"><span class=\"font-35\">Sie haben ein Recht auf Berichtigung und\/oder Vervollst\u00e4ndigung gegen\u00fcber dem Verantwortlichen, sofern die verarbeiteten personenbezogenen Daten, die Sie betreffen, unrichtig oder unvollst\u00e4ndig sind. Der Verantwortliche hat die Berichtigung unverz\u00fcglich vorzunehmen.<\/span><\/p>\n<p class=\"para-4\" style=\"text-align: left;\"><span class=\"font-35\">\u00a0 \u00a0 2.\u00a0 \u00a0 Recht auf Einschr\u00e4nkung der Verarbeitung<\/span><\/p>\n<p class=\"para-4\" style=\"text-align: left;\"><span class=\"font-35\">Unter den folgenden Voraussetzungen k\u00f6nnen Sie die Einschr\u00e4nkung der Verarbeitung der Sie betreffenden personenbezogenen Daten verlangen:<\/span><\/p>\n<p class=\"para-4\" style=\"text-align: left;\"><span class=\"font-35\">(1)\u00a0 \u00a0 wenn Sie die Richtigkeit der Sie betreffenden personenbezogenen f\u00fcr eine Dauer bestreiten, die es dem Verantwortlichen erm\u00f6glicht, die Richtigkeit der personenbezogenen Daten zu \u00fcberpr\u00fcfen;<\/span><\/p>\n<p class=\"para-4\" style=\"text-align: left;\"><span class=\"font-35\">(2)\u00a0 \u00a0 die Verarbeitung unrechtm\u00e4\u00dfig ist und Sie die L\u00f6schung der personenbezogenen Daten ablehnen und stattdessen die Einschr\u00e4nkung der Nutzung der personenbezogenen Daten verlangen;<\/span><\/p>\n<p class=\"para-4\" style=\"text-align: left;\"><span class=\"font-35\">(3)\u00a0 \u00a0 der Verantwortliche die personenbezogenen Daten f\u00fcr die Zwecke der Verarbeitung nicht l\u00e4nger ben\u00f6tigt, Sie diese jedoch zur Geltendmachung, Aus\u00fcbung oder Verteidigung von Rechtsanspr\u00fcchen ben\u00f6tigen, oder<\/span><\/p>\n<p class=\"para-4\" style=\"text-align: left;\"><span class=\"font-35\">(4)\u00a0 \u00a0 wenn Sie Widerspruch gegen die Verarbeitung gem\u00e4\u00df Art.\u00a021 Abs.\u00a01 DSGVO eingelegt haben und noch nicht feststeht, ob die berechtigten Gr\u00fcnde des Verantwortlichen gegen\u00fcber Ihren Gr\u00fcnden \u00fcberwiegen.<\/span><\/p>\n<p class=\"para-4\" style=\"text-align: left;\"><span class=\"font-35\">Wurde die Verarbeitung der Sie betreffenden personenbezogenen Daten eingeschr\u00e4nkt, d\u00fcrfen diese Daten \u2013 von ihrer Speicherung abgesehen \u2013 nur mit Ihrer Einwilligung oder zur Geltendmachung, Aus\u00fcbung oder Verteidigung von Rechtsanspr\u00fcchen oder zum Schutz der Rechte einer anderen nat\u00fcrlichen oder juristischen Person oder aus Gr\u00fcnden eines wichtigen \u00f6ffentlichen Interesses der Union oder eines Mitgliedstaats verarbeitet werden.<\/span><\/p>\n<p class=\"para-4\" style=\"text-align: left;\"><span class=\"font-35\">Wurde die Einschr\u00e4nkung der Verarbeitung nach den o.g. Voraussetzungen eingeschr\u00e4nkt, werden Sie von dem Verantwortlichen unterrichtet bevor die Einschr\u00e4nkung aufgehoben <\/span><span class=\"font-34\">L\u00f6schungspflicht<\/span><\/p>\n<p class=\"para-4\" style=\"text-align: left;\"><span class=\"font-35\">Sie k\u00f6nnen von dem Verantwortlichen verlangen, dass die Sie betreffenden personenbezogenen Daten unverz\u00fcglich gel\u00f6scht werden, und der Verantwortliche ist verpflichtet, diese Daten unverz\u00fcglich zu l\u00f6schen, sofern einer der folgenden Gr\u00fcnde zutrifft:<\/span><\/p>\n<p class=\"para-4\" style=\"text-align: left;\"><span class=\"font-35\">(1)\u00a0 \u00a0 Die Sie betreffenden personenbezogenen Daten sind f\u00fcr die Zwecke, f\u00fcr die sie erhoben oder auf sonstige Weise verarbeitet wurden, nicht mehr notwendig.<\/span><\/p>\n<p class=\"para-4\" style=\"text-align: left;\"><span class=\"font-35\">(2)\u00a0 \u00a0 Sie widerrufen Ihre Einwilligung, auf die sich die Verarbeitung gem. Art.\u00a06 Abs.\u00a01 lit.\u00a0a oder Art.\u00a09 Abs.\u00a02 lit.\u00a0a DSGVO st\u00fctzte, und es fehlt an einer anderweitigen Rechtsgrundlage f\u00fcr die Verarbeitung.\u00a0<\/span><\/p>\n<p class=\"para-4\" style=\"text-align: left;\"><span class=\"font-35\">(3)\u00a0 \u00a0 Sie legen gem. Art.\u00a021 Abs.\u00a01 DSGVO Widerspruch gegen die Verarbeitung ein und es liegen keine vorrangigen berechtigten Gr\u00fcnde f\u00fcr die Verarbeitung vor, oder Sie legen gem. Art.\u00a021 Abs.\u00a02 DSGVO Widerspruch gegen die Verarbeitung ein.\u00a0<\/span><\/p>\n<p class=\"para-4\" style=\"text-align: left;\"><span class=\"font-35\">(4)\u00a0 \u00a0 Die Sie betreffenden personenbezogenen Daten wurden unrechtm\u00e4\u00dfig verarbeitet.\u00a0<\/span><\/p>\n<p class=\"para-4\" style=\"text-align: left;\"><span class=\"font-35\">(5)\u00a0 \u00a0 Die L\u00f6schung der Sie betreffenden personenbezogenen Daten ist zur Erf\u00fcllung einer rechtlichen Verpflichtung nach dem Unionsrecht oder dem Recht der Mitgliedstaaten erforderlich, dem der Verantwortliche unterliegt.\u00a0<\/span><\/p>\n<p class=\"para-4\" style=\"text-align: left;\"><span class=\"font-35\">(6)\u00a0 \u00a0 \u00a0 \u00a0 Die Sie betreffenden personenbezogenen Daten wurden in Bezug auf angebotene Dienste der Informationsgesellschaft gem\u00e4\u00df Art.\u00a08 Abs.\u00a01 DSGVO erhoben.<\/span><\/p>\n<p class=\"para-4\" style=\"text-align: left;\"><span class=\"font-35\">\u00a0 \u00a0 a)\u00a0 \u00a0 Information an Dritte<\/span><\/p>\n<p class=\"para-4\" style=\"text-align: left;\"><span class=\"font-35\">Hat der Verantwortliche die Sie betreffenden personenbezogenen Daten \u00f6ffentlich gemacht und ist er gem. Art.\u00a017 Abs.\u00a01 DSGVO zu deren L\u00f6schung verpflichtet, so trifft er unter Ber\u00fccksichtigung der verf\u00fcgbaren Technologie und der Implementierungskosten angemessene Ma\u00dfnahmen, auch technischer Art, um f\u00fcr die Datenverarbeitung Verantwortliche, die die personenbezogenen Daten verarbeiten, dar\u00fcber zu informieren, dass Sie als betroffene Person von ihnen die L\u00f6schung aller Links zu diesen personenbezogenen Daten oder von Kopien oder Replikationen dieser personenbezogenen Daten verlangt haben.\u00a0<\/span><\/p>\n<p class=\"para-4\" style=\"text-align: left;\"><span class=\"font-35\">\u00a0 \u00a0 b)\u00a0 \u00a0 Ausnahmen<\/span><\/p>\n<p class=\"para-4\" style=\"text-align: left;\"><span class=\"font-35\">Das Recht auf L\u00f6schung besteht nicht, soweit die Verarbeitung erforderlich ist<\/span><\/p>\n<p class=\"para-4\" style=\"text-align: left;\"><span class=\"font-35\">(1)\u00a0 \u00a0 zur Aus\u00fcbung des Rechts auf freie Meinungs\u00e4u\u00dferung und Information;<\/span><\/p>\n<p class=\"para-4\" style=\"text-align: left;\"><span class=\"font-35\">(2)\u00a0 \u00a0 zur Erf\u00fcllung einer rechtlichen Verpflichtung, die die Verarbeitung nach dem Recht der Union oder der Mitgliedstaaten, dem der Verantwortliche unterliegt, erfordert, oder zur Wahrnehmung einer Aufgabe, die im \u00f6ffentlichen Interesse liegt oder in Aus\u00fcbung \u00f6ffentlicher Gewalt erfolgt, die dem Verantwortlichen \u00fcbertragen wurde;<\/span><\/p>\n<p class=\"para-4\" style=\"text-align: left;\"><span class=\"font-35\">(3)\u00a0 \u00a0 aus Gr\u00fcnden des \u00f6ffentlichen Interesses im Bereich der \u00f6ffentlichen Gesundheit gem\u00e4\u00df Art.\u00a09 Abs.\u00a02 lit.\u00a0h und i sowie Art.\u00a09 Abs.\u00a03 DSGVO;<\/span><\/p>\n<p class=\"para-4\" style=\"text-align: left;\"><span class=\"font-35\">(4)\u00a0 \u00a0 f\u00fcr im \u00f6ffentlichen Interesse liegende Archivzwecke, wissenschaftliche oder historische Forschungszwecke oder f\u00fcr statistische Zwecke gem. Art.\u00a089 Abs.\u00a01 DSGVO, soweit das unter Abschnitt a) genannte Recht voraussichtlich die Verwirklichung der Ziele dieser Verarbeitung unm\u00f6glich macht oder ernsthaft beeintr\u00e4chtigt, oder<\/span><\/p>\n<p class=\"para-4\" style=\"text-align: left;\"><span class=\"font-35\">(5)\u00a0 \u00a0 zur Geltendmachung, Aus\u00fcbung oder Verteidigung von Rechtsanspr\u00fcchen.<\/span><\/p>\n<p class=\"para-4\" style=\"text-align: left;\"><span class=\"font-35\">\u00a0 \u00a0 3.\u00a0 \u00a0 Recht auf Unterrichtung<\/span><\/p>\n<p class=\"para-4\" style=\"text-align: left;\"><span class=\"font-35\">Haben Sie das Recht auf Berichtigung, L\u00f6schung oder Einschr\u00e4nkung der Verarbeitung gegen\u00fcber dem Verantwortlichen geltend gemacht, ist dieser verpflichtet, allen Empf\u00e4ngern, denen die Sie betreffenden personenbezogenen Daten offengelegt wurden, diese Berichtigung oder L\u00f6schung der Daten oder Einschr\u00e4nkung der Verarbeitung mitzuteilen, es sei denn, dies erweist sich als unm\u00f6glich oder ist mit einem unverh\u00e4ltnism\u00e4\u00dfigen Aufwand verbunden.<\/span><\/p>\n<p class=\"para-4\" style=\"text-align: left;\"><span class=\"font-35\">Ihnen steht gegen\u00fcber dem Verantwortlichen das Recht zu, \u00fcber diese Empf\u00e4nger unterrichtet zu werden.<\/span><\/p>\n<p class=\"para-4\" style=\"text-align: left;\"><span class=\"font-35\">\u00a0 \u00a0 4.\u00a0 \u00a0 Recht auf Daten\u00fcbertragbarkeit<\/span><\/p>\n<p class=\"para-4\" style=\"text-align: left;\"><span class=\"font-35\">Sie haben das Recht, die Sie betreffenden personenbezogenen Daten, die Sie dem Verantwortlichen bereitgestellt haben, in einem strukturierten, g\u00e4ngigen und maschinenlesbaren Format zu erhalten. Au\u00dferdem haben Sie das Recht diese Daten einem anderen Verantwortlichen ohne Behinderung durch den Verantwortlichen, dem die personenbezogenen Daten bereitgestellt wurden, zu \u00fcbermitteln, sofern<\/span><\/p>\n<p class=\"para-4\" style=\"text-align: left;\"><span class=\"font-35\">(1)\u00a0 \u00a0 die Verarbeitung auf einer Einwilligung gem. Art.\u00a06 Abs.\u00a01 lit.\u00a0a DSGVO oder Art.\u00a09 Abs.\u00a02 lit.\u00a0a DSGVO oder auf einem Vertrag gem. Art.\u00a06 Abs.\u00a01 lit.\u00a0b DSGVO beruht und<\/span><\/p>\n<p class=\"para-4\" style=\"text-align: left;\"><span class=\"font-35\">(2)\u00a0 \u00a0 die Verarbeitung mithilfe automatisierter Verfahren erfolgt.<\/span><\/p>\n<p class=\"para-4\" style=\"text-align: left;\"><span class=\"font-35\">In Aus\u00fcbung dieses Rechts haben Sie ferner das Recht, zu erwirken, dass die Sie betreffenden personenbezogenen Daten direkt von einem Verantwortlichen einem anderen Verantwortlichen \u00fcbermittelt werden, soweit dies technisch machbar ist. Freiheiten und Rechte anderer Personen d\u00fcrfen hierdurch nicht beeintr\u00e4chtigt werden.<\/span><\/p>\n<p class=\"para-4\" style=\"text-align: left;\"><span class=\"font-35\">Das Recht auf Daten\u00fcbertragbarkeit gilt nicht f\u00fcr eine Verarbeitung personenbezogener Daten, die f\u00fcr die Wahrnehmung einer Aufgabe erforderlich ist, die im \u00f6ffentlichen Interesse liegt oder in Aus\u00fcbung \u00f6ffentlicher Gewalt erfolgt, die dem Verantwortlichen \u00fcbertragen wurde.<\/span><\/p>\n<p class=\"para-4\" style=\"text-align: left;\"><span class=\"font-35\">\u00a0 \u00a0 5.\u00a0 \u00a0 Widerspruchsrecht<\/span><\/p>\n<p class=\"para-4\" style=\"text-align: left;\"><span class=\"font-35\">Sie haben das Recht, aus Gr\u00fcnden, die sich aus ihrer besonderen Situation ergeben, jederzeit gegen die Verarbeitung der Sie betreffenden personenbezogenen Daten, die aufgrund von Art.\u00a06 Abs.\u00a01 lit.\u00a0e oder f DSGVO erfolgt, Widerspruch einzulegen; dies gilt auch f\u00fcr ein auf diese Bestimmungen gest\u00fctztes Profiling.\u00a0<\/span><\/p>\n<p class=\"para-4\" style=\"text-align: left;\"><span class=\"font-35\">Der Verantwortliche verarbeitet die Sie betreffenden personenbezogenen Daten nicht mehr, es sei denn, er kann zwingende schutzw\u00fcrdige Gr\u00fcnde f\u00fcr die Verarbeitung nachweisen, die Ihre Interessen, Rechte und Freiheiten \u00fcberwiegen, oder die Verarbeitung dient der Geltendmachung, Aus\u00fcbung oder Verteidigung von Rechtsanspr\u00fcchen.<\/span><\/p>\n<p class=\"para-4\" style=\"text-align: left;\"><span class=\"font-35\">Werden die Sie betreffenden personenbezogenen Daten verarbeitet, um Direktwerbung zu betreiben, haben Sie das Recht, jederzeit Widerspruch gegen die Verarbeitung der Sie betreffenden personenbezogenen Daten zum Zwecke derartiger Werbung einzulegen; dies gilt auch f\u00fcr das Profiling, soweit es mit solcher Direktwerbung in Verbindung steht.<\/span><\/p>\n<p class=\"para-4\" style=\"text-align: left;\"><span class=\"font-35\">Widersprechen Sie der Verarbeitung f\u00fcr Zwecke der Direktwerbung, so werden die Sie betreffenden personenbezogenen Daten nicht mehr f\u00fcr diese Zwecke verarbeitet.<\/span><\/p>\n<p class=\"para-4\" style=\"text-align: left;\"><span class=\"font-35\">Sie haben die M\u00f6glichkeit, im Zusammenhang mit der Nutzung von Diensten der Informationsgesellschaft \u2013 ungeachtet der Richtlinie 2002\/58\/EG \u2013 Ihr Widerspruchsrecht mittels automatisierter Verfahren auszu\u00fcben, bei denen technische Spezifikationen\u00a0<\/span><\/p>\n<p class=\"para-4\" style=\"text-align: left;\"><span class=\"font-35\">\u00a0 \u00a0 6.\u00a0 \u00a0 Recht auf Widerruf der datenschutzrechtlichen Einwilligungserkl\u00e4rung<\/span><\/p>\n<p class=\"para-4\" style=\"text-align: left;\"><span class=\"font-35\">Sie haben das Recht, Ihre datenschutzrechtliche Einwilligungserkl\u00e4rung jederzeit zu widerrufen. Durch den Widerruf der Einwilligung wird die Rechtm\u00e4\u00dfigkeit der aufgrund der Einwilligung bis zum Widerruf erfolgten Verarbeitung nicht ber\u00fchrt.<\/span><\/p>\n<p class=\"para-4\" style=\"text-align: left;\"><span class=\"font-35\">\u00a0 \u00a0 7.\u00a0 \u00a0 Automatisierte Entscheidung im Einzelfall einschlie\u00dflich Profiling<\/span><\/p>\n<p class=\"para-4\" style=\"text-align: left;\"><span class=\"font-35\">Sie haben das Recht, nicht einer ausschlie\u00dflich auf einer automatisierten Verarbeitung \u2013 einschlie\u00dflich Profiling \u2013 beruhenden Entscheidung unterworfen zu werden, die Ihnen gegen\u00fcber rechtliche Wirkung entfaltet oder Sie in \u00e4hnlicher Weise erheblich beeintr\u00e4chtigt. Dies gilt nicht, wenn die Entscheidung\u00a0<\/span><\/p>\n<p class=\"para-4\" style=\"text-align: left;\"><span class=\"font-35\">(1)\u00a0 \u00a0 f\u00fcr den Abschluss oder die Erf\u00fcllung eines Vertrags zwischen Ihnen und dem Verantwortlichen erforderlich ist,<\/span><\/p>\n<p class=\"para-4\" style=\"text-align: left;\"><span class=\"font-35\">(2)\u00a0 \u00a0 aufgrund von Rechtsvorschriften der Union oder der Mitgliedstaaten, denen der Verantwortliche unterliegt, zul\u00e4ssig ist und diese Rechtsvorschriften angemessene Ma\u00dfnahmen zur Wahrung Ihrer Rechte und Freiheiten sowie Ihrer berechtigten Interessen enthalten oder<\/span><\/p>\n<p class=\"para-4\" style=\"text-align: left;\"><span class=\"font-35\">(3)\u00a0 \u00a0 mit Ihrer ausdr\u00fccklichen Einwilligung erfolgt.<\/span><\/p>\n<p class=\"para-4\" style=\"text-align: left;\"><span class=\"font-35\">Allerdings d\u00fcrfen diese Entscheidungen nicht auf besonderen Kategorien personenbezogener Daten nach Art.\u00a09 Abs.\u00a01 DSGVO beruhen, sofern nicht Art.\u00a09 Abs.\u00a02 lit.\u00a0a oder g DSGVO gilt und angemessene Ma\u00dfnahmen zum Schutz der Rechte und Freiheiten sowie Ihrer berechtigten Interessen getroffen wurden.<\/span><\/p>\n<p class=\"para-4\" style=\"text-align: left;\"><span class=\"font-35\">Hinsichtlich der in (1) und (3) genannten F\u00e4lle trifft der Verantwortliche angemessene Ma\u00dfnahmen, um die Rechte und Freiheiten sowie Ihre berechtigten Interessen zu wahren, wozu mindestens das Recht auf Erwirkung des Eingreifens einer Person seitens des Verantwortlichen, auf Darlegung des eigenen Standpunkts und auf Anfechtung der Entscheidung geh\u00f6rt.<\/span><\/p>\n<p class=\"para-4\" style=\"text-align: left;\"><span class=\"font-35\">\u00a0 \u00a0 8.\u00a0 \u00a0 Recht auf Beschwerde bei einer Aufsichtsbeh\u00f6rde<\/span><\/p>\n<p class=\"para-4\" style=\"text-align: left;\"><span class=\"font-35\">Unbeschadet eines anderweitigen verwaltungsrechtlichen oder gerichtlichen Rechtsbehelfs steht Ihnen das Recht auf Beschwerde bei einer Aufsichtsbeh\u00f6rde, insbesondere in dem Mitgliedstaat ihres Aufenthaltsorts, ihres Arbeitsplatzes oder des Orts des mutma\u00dflichen Versto\u00dfes, zu, wenn Sie der Ansicht sind, dass die Verarbeitung der Sie betreffenden personenbezogenen Daten gegen die DSGVO verst\u00f6\u00dft.\u00a0<\/span><\/p>\n<p class=\"para-4\" style=\"text-align: left;\"><span class=\"font-35\">\u2009<\/span><\/p>\n<p class=\"para-4\" style=\"text-align: left;\"><span class=\"font-34\">III. Hinweis zu Google Analytics<\/span><\/p>\n<p class=\"para-4\" style=\"text-align: left;\"><span class=\"font-35\">Diese Website benutzt Google Analytics, einen Webanalysedienst der Google Inc. (\u201eGoogle\u201c).\u00a0 Google Analytics verwendet sog. \u201eCookies\u201c, d. h. Textdateien, die auf Ihrem Computer gespeichert werden und die eine Analyse der Benutzung der Website durch Sie erm\u00f6glicht. Die durch den Cookie erzeugten Informationen \u00fcber Ihre Benutzung diese Website (einschlie\u00dflich Ihrer IP-Adresse) wird an einen Server von Google in den USA \u00fcbertragen und dort gespeichert. Google wird diese Informationen benutzen, um Ihre Nutzung der Website auszuwerten, um Reports \u00fcber die Websiteaktivit\u00e4ten f\u00fcr die Websitebetreiber zusammenzustellen und um weitere mit der Websitenutzung und der Internetnutzung verbundene Dienstleistungen zu erbringen. Auch wird Google diese Informationen gegebenenfalls an Dritte \u00fcbertragen, sofern dies gesetzlich vorgeschrieben oder soweit Dritte diese Daten im Auftrag von Google verarbeiten. Google wird in keinem Fall Ihre IP-Adresse mit anderen Daten der Google in Verbindung bringen. Sie k\u00f6nnen die Installation der Cookies durch eine entsprechende Einstellung Ihrer Browser Software verhindern; wir weisen Sie jedoch darauf hin, dass Sie in diesem Fall gegebenenfalls nicht s\u00e4mtliche Funktionen dieser Website voll umf\u00e4nglich nutzen k\u00f6nnen. Durch die Nutzung dieser Website erkl\u00e4ren Sie sich mit der Bearbeitung der \u00fcber Sie erhobenen Daten durch Google in der zuvor beschriebenen Art und Weise und zu dem zuvor benannten Zweck einverstanden.<\/span><\/p>\n<\/div>\n<\/div>\n<p>[\/vc_column_text][\/vc_column][vc_column width=&#8220;1\/3&#8243;][\/vc_column][\/vc_row]<\/p>\n","protected":false},"excerpt":{"rendered":"<p>[vc_row][vc_column width=&#8220;2\/3&#8243;][vc_column_text] Datenschutzerkl\u00e4rung nach der DSGVO Name und Anschrift des Verantwortlichen Der Verantwortliche im Sinne der Datenschutz-Grundverordnung und anderer nationaler Datenschutzgesetze der Mitgliedsstaaten sowie sonstiger datenschutzrechtlicher Bestimmungen ist: Steuerberaterin Steuerberaterin Katrin Hehl S\u00fcdstra\u00dfe 10 56422 Wirges Deutschland Tel.: (02602) 918 9200 E-Mail: kanzlei@steuerkanzlei-hehl.de Website: www.steuerkanzlei-hehl.de \u2009 Allgemeines zur Datenverarbeitung 1. Umfang der Verarbeitung personenbezogener Daten Wir verarbeiten personenbezogene Daten unserer Nutzer grunds\u00e4tzlich nur, soweit dies zur Bereitstellung einer funktionsf\u00e4higen Website sowie unserer Inhalte und Leistungen erforderlich ist. Die Verarbeitung personenbezogener Daten unserer Nutzer erfolgt regelm\u00e4\u00dfig nur nach Einwilligung des Nutzers. Eine Ausnahme gilt in solchen F\u00e4llen, in denen eine vorherige Einholung einer Einwilligung aus tats\u00e4chlichen Gr\u00fcnden nicht m\u00f6glich ist und die Verarbeitung der Daten durch gesetzliche Vorschriften gestattet ist.\u00a0 \u2009 2. Rechtsgrundlage f\u00fcr die Verarbeitung personenbezogener Daten Soweit wir f\u00fcr Verarbeitungsvorg\u00e4nge personenbezogener Daten eine Einwilligung der betroffenen Person einholen, dient Art.\u00a06 Abs.\u00a01 lit.\u00a0a EU-Datenschutzgrundverordnung (DSGVO) als Rechtsgrundlage. Bei der Verarbeitung von personenbezogenen Daten, die zur Erf\u00fcllung eines Vertrages, dessen Vertragspartei die betroffene Person ist, erforderlich ist, dient Art.\u00a06 Abs.\u00a01 lit.\u00a0b DSGVO als Rechtsgrundlage. Dies gilt auch f\u00fcr Verarbeitungsvorg\u00e4nge, die zur Durchf\u00fchrung vorvertraglicher Ma\u00dfnahmen erforderlich sind. Soweit eine Verarbeitung personenbezogener Daten zur Erf\u00fcllung einer rechtlichen Verpflichtung erforderlich ist, der unser Unternehmen unterliegt, dient Art.\u00a06 Abs.\u00a01 lit.\u00a0c DSGVO als Rechtsgrundlage. F\u00fcr den Fall, dass lebenswichtige Interessen der betroffenen Person oder einer anderen nat\u00fcrlichen Person eine Verarbeitung personenbezogener Daten erforderlich machen, dient Art.\u00a06 Abs.\u00a01 lit.\u00a0d DSGVO als Rechtsgrundlage. Ist die Verarbeitung zur Wahrung eines berechtigten Interesses unseres Unternehmens oder eines Dritten erforderlich und \u00fcberwiegen die Interessen, Grundrechte und Grundfreiheiten des Betroffenen das erstgenannte Interesse nicht, so dient Art.\u00a06 Abs.\u00a01 lit.\u00a0f DSGVO als Rechtsgrundlage f\u00fcr die Verarbeitung.\u00a0 \u2009 3. Datenl\u00f6schung und Speicherdauer Die personenbezogenen Daten der betroffenen Person werden gel\u00f6scht oder gesperrt, sobald der Zweck der Speicherung entf\u00e4llt. Eine Speicherung kann dar\u00fcber hinaus erfolgen, wenn dies durch den europ\u00e4ischen oder nationalen Gesetzgeber in unionsrechtlichen Verordnungen, Gesetzen oder sonstigen Vorschriften, denen der Verantwortliche unterliegt, vorgesehen wurde. Eine Sperrung oder L\u00f6schung der Daten erfolgt auch dann, wenn eine durch die genannten Normen vorgeschriebene Speicherfrist abl\u00e4uft, es sei denn, dass eine Erforderlichkeit zur weiteren Speicherung der Daten f\u00fcr einen Vertragsabschluss oder eine Vertragserf\u00fcllung besteht. \u00a0 \u00a0 I.\u00a0 \u00a0 Bereitstellung der Website und Erstellung von Logfiles \u00a0 \u00a0 1.\u00a0 \u00a0 Beschreibung und Umfang der Datenverarbeitung Bei jedem Aufruf unserer Internetseite erfasst unser System automatisiert Daten und Informationen vom Computersystem des aufrufenden Rechners.\u00a0 Folgende Daten werden hierbei erhoben: Informationen \u00fcber den Browsertyp und die verwendete Version Das Betriebssystem des Nutzers Den Internet-Service-Provider des Nutzers Die IP-Adresse des Nutzers Datum und Uhrzeit des Zugriffs Websites, von denen das System des Nutzers auf unsere Internetseite gelangt\u00a0 Websites, die vom System des Nutzers \u00fcber unsere Website aufgerufen werden \u00a0 \u00a0 2.\u00a0 \u00a0 Rechtsgrundlage f\u00fcr die Datenverarbeitung\u00a0 Rechtsgrundlage f\u00fcr die vor\u00fcbergehende Speicherung der Daten ist Art.\u00a06 Abs.\u00a01 lit.\u00a0f DSGVO.\u00a0 \u00a0 \u00a0 3.\u00a0 \u00a0 Zweck der Datenverarbeitung Die vor\u00fcbergehende Speicherung der IP-Adresse durch das System ist notwendig, um eine Auslieferung der Website an den Rechner des Nutzers zu erm\u00f6glichen. Hierf\u00fcr muss die IP-Adresse des Nutzers f\u00fcr die Dauer der Sitzung gespeichert bleiben.\u00a0 In diesen Zwecken liegt auch unser berechtigtes Interesse an der Datenverarbeitung nach Art.\u00a06 Abs.\u00a01 lit.\u00a0f DSGVO. \u00a0 \u00a0 4.\u00a0 \u00a0 Dauer der Speicherung Die Daten werden gel\u00f6scht, sobald sie f\u00fcr die Erreichung des Zweckes ihrer Erhebung nicht mehr erforderlich sind. Im Falle der Erfassung der Daten zur Bereitstellung der Website ist dies der Fall, wenn die jeweilige Sitzung beendet ist.\u00a0 \u00a0 \u00a0 5.\u00a0 \u00a0 Widerspruchs- und Beseitigungsm\u00f6glichkeit Die Erfassung der Daten zur Bereitstellung der Website und die Speicherung der Daten in Logfiles ist f\u00fcr den Betrieb der Internetseite zwingend erforderlich. Es besteht folglich seitens des Nutzers keine Widerspruchsm\u00f6glichkeit.\u00a0 \u2009 \u00a0 \u00a0 II.\u00a0 \u00a0 Verwendung von Cookies a) Beschreibung und Umfang der Datenverarbeitung Unsere Webseite verwendet Cookies. Bei Cookies handelt es sich um Textdateien, die im Internetbrowser bzw. vom Internetbrowser auf dem Computersystem des Nutzers gespeichert werden. Ruft ein Nutzer eine Website auf, so kann ein Cookie auf dem Betriebssystem des Nutzers gespeichert werden. Dieser Cookie enth\u00e4lt eine charakteristische Zeichenfolge, die eine eindeutige Identifizierung des Browsers beim erneuten Aufrufen der Website erm\u00f6glicht.\u00a0 Wir setzen Cookies ein, um unsere Website nutzerfreundlicher zu gestalten. Einige Elemente unserer Internetseite erfordern es, dass der aufrufende Browser auch nach einem Seitenwechsel identifiziert werden kann.\u00a0 b) Rechtsgrundlage f\u00fcr die Datenverarbeitung\u00a0 Die Rechtsgrundlage f\u00fcr die Verarbeitung personenbezogener Daten unter Verwendung von Cookies ist Art.\u00a06 Abs.\u00a01 lit.\u00a0f DSGVO. c) Zweck der Datenverarbeitung Der Zweck der Verwendung technisch notwendiger Cookies ist, die Nutzung von Websites f\u00fcr die Nutzer zu vereinfachen. Einige Funktionen unserer Internetseite k\u00f6nnen ohne den Einsatz von Cookies nicht angeboten werden. F\u00fcr diese ist es erforderlich, dass der Browser auch nach einem Seitenwechsel wiedererkannt wird. In diesen Zwecken liegt auch unser berechtigtes Interesse in der Verarbeitung der personenbezogenen Daten nach Art.\u00a06 Abs.\u00a01 lit.\u00a0f DSGVO.\u00a0 e) Dauer der Speicherung, Widerspruchs- und Beseitigungsm\u00f6glichkeit Cookies werden auf dem Rechner des Nutzers gespeichert und von diesem an unserer Seite \u00fcbermittelt. Daher haben Sie als Nutzer auch die volle Kontrolle \u00fcber die Verwendung von Cookies. Durch eine \u00c4nderung der Einstellungen in Ihrem Internetbrowser k\u00f6nnen Sie die \u00dcbertragung von Cookies deaktivieren oder einschr\u00e4nken. Bereits gespeicherte Cookies k\u00f6nnen jederzeit gel\u00f6scht werden. Dies kann auch automatisiert erfolgen. Werden Cookies f\u00fcr unsere Website deaktiviert, k\u00f6nnen m\u00f6glicherweise nicht mehr alle Funktionen der Website vollumf\u00e4nglich genutzt werden. \u00a0 \u00a0 III.\u00a0 \u00a0 Rechte der betroffenen Person Werden personenbezogene Daten von Ihnen verarbeitet, sind Sie Betroffener i.S.d. DSGVO und es stehen Ihnen folgende Rechte gegen\u00fcber dem Verantwortlichen zu: \u00a0 \u00a0 1.\u00a0 \u00a0 Auskunftsrecht Sie k\u00f6nnen von dem Verantwortlichen eine Best\u00e4tigung dar\u00fcber verlangen, ob personenbezogene Daten, die Sie betreffen, von uns verarbeitet werden.\u00a0 Liegt eine solche Verarbeitung vor, k\u00f6nnen Sie von dem Verantwortlichen \u00fcber folgende Informationen Auskunft verlangen: (1)\u00a0 \u00a0 die Zwecke, zu denen die personenbezogenen Daten verarbeitet werden; (2)\u00a0 \u00a0 die Kategorien von personenbezogenen Daten, welche verarbeitet werden; (3)\u00a0 \u00a0 die Empf\u00e4nger bzw. die Kategorien von Empf\u00e4ngern, gegen\u00fcber denen die Sie betreffenden personenbezogenen Daten offengelegt wurden oder noch offengelegt werden; (4)\u00a0 \u00a0 die geplante Dauer der Speicherung der Sie betreffenden personenbezogenen Daten oder, falls konkrete Angaben hierzu nicht m\u00f6glich sind, Kriterien f\u00fcr die Festlegung der Speicherdauer; (5)\u00a0 \u00a0 das Bestehen eines Rechts auf Berichtigung oder L\u00f6schung der Sie betreffenden personenbezogenen Daten, eines Rechts auf Einschr\u00e4nkung der Verarbeitung durch den Verantwortlichen oder eines Widerspruchsrechts gegen diese Verarbeitung;\u00a0 (6)\u00a0 \u00a0 das Bestehen eines Beschwerderechts bei einer Aufsichtsbeh\u00f6rde; (7)\u00a0 \u00a0 alle verf\u00fcgbaren Informationen \u00fcber die Herkunft der Daten, wenn die personenbezogenen Daten nicht bei der betroffenen Person erhoben werden; (8)\u00a0 \u00a0 das Bestehen einer automatisierten Entscheidungsfindung einschlie\u00dflich Profiling gem\u00e4\u00df Art.\u00a022 Abs.\u00a01 und 4 DSGVO und \u2013 zumindest in diesen F\u00e4llen \u2013 aussagekr\u00e4ftige Informationen \u00fcber die involvierte Logik sowie die Tragweite und die angestrebten Auswirkungen einer derartigen Verarbeitung f\u00fcr die betroffene Person. Ihnen steht das Recht zu, Auskunft dar\u00fcber zu verlangen, ob die Sie betreffenden personenbezogenen Daten in ein Drittland oder an eine internationale Organisation \u00fcbermittelt werden. In diesem Zusammenhang k\u00f6nnen Sie verlangen, \u00fcber die geeigneten Garantien gem. Art.\u00a046 DSGVO im Zusammenhang mit der \u00dcbermittlung unterrichtet zu werden. Recht auf Berichtigung\u00a0 Sie haben ein Recht auf Berichtigung und\/oder Vervollst\u00e4ndigung gegen\u00fcber dem Verantwortlichen, sofern die verarbeiteten personenbezogenen Daten, die Sie betreffen, unrichtig oder unvollst\u00e4ndig sind. Der Verantwortliche hat die Berichtigung unverz\u00fcglich vorzunehmen. \u00a0 \u00a0 2.\u00a0 \u00a0 Recht auf Einschr\u00e4nkung der Verarbeitung Unter den folgenden Voraussetzungen k\u00f6nnen Sie die Einschr\u00e4nkung der Verarbeitung der Sie betreffenden personenbezogenen Daten verlangen: (1)\u00a0 \u00a0 wenn Sie die Richtigkeit der Sie betreffenden personenbezogenen f\u00fcr eine Dauer bestreiten, die es dem Verantwortlichen erm\u00f6glicht, die Richtigkeit der personenbezogenen Daten zu \u00fcberpr\u00fcfen; (2)\u00a0 \u00a0 die Verarbeitung unrechtm\u00e4\u00dfig ist und Sie die L\u00f6schung der personenbezogenen Daten ablehnen und stattdessen die Einschr\u00e4nkung der Nutzung der personenbezogenen Daten verlangen; (3)\u00a0 \u00a0 der Verantwortliche die personenbezogenen Daten f\u00fcr die Zwecke der Verarbeitung nicht l\u00e4nger ben\u00f6tigt, Sie diese jedoch zur Geltendmachung, Aus\u00fcbung oder Verteidigung von Rechtsanspr\u00fcchen ben\u00f6tigen, oder (4)\u00a0 \u00a0 wenn Sie Widerspruch gegen die Verarbeitung gem\u00e4\u00df Art.\u00a021 Abs.\u00a01 DSGVO eingelegt haben und noch nicht feststeht, ob die berechtigten Gr\u00fcnde des Verantwortlichen gegen\u00fcber Ihren Gr\u00fcnden \u00fcberwiegen. Wurde die Verarbeitung der Sie betreffenden personenbezogenen Daten eingeschr\u00e4nkt, d\u00fcrfen diese Daten \u2013 von ihrer Speicherung abgesehen \u2013 nur mit Ihrer Einwilligung oder zur Geltendmachung, Aus\u00fcbung oder Verteidigung von Rechtsanspr\u00fcchen oder zum Schutz der Rechte einer anderen nat\u00fcrlichen oder juristischen Person oder aus Gr\u00fcnden eines wichtigen \u00f6ffentlichen Interesses der Union oder eines Mitgliedstaats verarbeitet werden. Wurde die Einschr\u00e4nkung der Verarbeitung nach den o.g. Voraussetzungen eingeschr\u00e4nkt, werden Sie von dem Verantwortlichen unterrichtet bevor die Einschr\u00e4nkung aufgehoben L\u00f6schungspflicht Sie k\u00f6nnen von dem Verantwortlichen verlangen, dass die Sie betreffenden personenbezogenen Daten unverz\u00fcglich gel\u00f6scht werden, und der Verantwortliche ist verpflichtet, diese Daten unverz\u00fcglich zu l\u00f6schen, sofern einer der folgenden Gr\u00fcnde zutrifft: (1)\u00a0 \u00a0 Die Sie betreffenden personenbezogenen Daten sind f\u00fcr die Zwecke, f\u00fcr die sie erhoben oder auf sonstige Weise verarbeitet wurden, nicht mehr notwendig. (2)\u00a0 \u00a0 Sie widerrufen Ihre Einwilligung, auf die sich die Verarbeitung gem. Art.\u00a06 Abs.\u00a01 lit.\u00a0a oder Art.\u00a09 Abs.\u00a02 lit.\u00a0a DSGVO st\u00fctzte, und es fehlt an einer anderweitigen Rechtsgrundlage f\u00fcr die Verarbeitung.\u00a0 (3)\u00a0 \u00a0 Sie legen gem. Art.\u00a021 Abs.\u00a01 DSGVO Widerspruch gegen die Verarbeitung ein und es liegen keine vorrangigen berechtigten Gr\u00fcnde f\u00fcr die Verarbeitung vor, oder Sie legen gem. Art.\u00a021 Abs.\u00a02 DSGVO Widerspruch gegen die Verarbeitung ein.\u00a0 (4)\u00a0 \u00a0 Die Sie betreffenden personenbezogenen Daten wurden unrechtm\u00e4\u00dfig verarbeitet.\u00a0 (5)\u00a0 \u00a0 Die L\u00f6schung der Sie betreffenden personenbezogenen Daten ist zur Erf\u00fcllung einer rechtlichen Verpflichtung nach dem Unionsrecht oder dem Recht der Mitgliedstaaten erforderlich, dem der Verantwortliche unterliegt.\u00a0 (6)\u00a0 \u00a0 \u00a0 \u00a0 Die Sie betreffenden personenbezogenen Daten wurden in Bezug auf angebotene Dienste der Informationsgesellschaft gem\u00e4\u00df Art.\u00a08 Abs.\u00a01 DSGVO erhoben. \u00a0 \u00a0 a)\u00a0 \u00a0 Information an Dritte Hat der Verantwortliche die Sie betreffenden personenbezogenen Daten \u00f6ffentlich gemacht und ist er gem. Art.\u00a017 Abs.\u00a01 DSGVO zu deren L\u00f6schung verpflichtet, so trifft er unter Ber\u00fccksichtigung der verf\u00fcgbaren Technologie und der Implementierungskosten angemessene Ma\u00dfnahmen, auch technischer Art, um f\u00fcr die Datenverarbeitung Verantwortliche, die die personenbezogenen Daten verarbeiten, dar\u00fcber zu informieren, dass Sie als betroffene Person von ihnen die L\u00f6schung aller Links zu diesen personenbezogenen Daten oder von Kopien oder Replikationen dieser personenbezogenen Daten verlangt haben.\u00a0 \u00a0 \u00a0 b)\u00a0 \u00a0 Ausnahmen Das Recht auf L\u00f6schung besteht nicht, soweit die Verarbeitung erforderlich ist (1)\u00a0 \u00a0 zur Aus\u00fcbung des Rechts auf freie Meinungs\u00e4u\u00dferung und Information; (2)\u00a0 \u00a0 zur Erf\u00fcllung einer rechtlichen Verpflichtung, die die Verarbeitung nach dem Recht der Union oder der Mitgliedstaaten, dem der Verantwortliche unterliegt, erfordert, oder zur Wahrnehmung einer Aufgabe, die im \u00f6ffentlichen Interesse liegt oder in Aus\u00fcbung \u00f6ffentlicher Gewalt erfolgt, die dem Verantwortlichen \u00fcbertragen wurde; (3)\u00a0 \u00a0 aus Gr\u00fcnden des \u00f6ffentlichen Interesses im Bereich der \u00f6ffentlichen Gesundheit gem\u00e4\u00df Art.\u00a09 Abs.\u00a02 lit.\u00a0h und i sowie Art.\u00a09 Abs.\u00a03 DSGVO; (4)\u00a0 \u00a0 f\u00fcr im \u00f6ffentlichen Interesse liegende Archivzwecke, wissenschaftliche oder historische Forschungszwecke oder f\u00fcr statistische Zwecke gem. Art.\u00a089 Abs.\u00a01 DSGVO, soweit das unter Abschnitt a) genannte Recht voraussichtlich die Verwirklichung der Ziele dieser Verarbeitung unm\u00f6glich macht oder ernsthaft beeintr\u00e4chtigt, oder (5)\u00a0 \u00a0 zur Geltendmachung, Aus\u00fcbung oder Verteidigung von Rechtsanspr\u00fcchen. \u00a0 \u00a0 3.\u00a0 \u00a0 Recht auf Unterrichtung Haben Sie das Recht auf Berichtigung, L\u00f6schung oder Einschr\u00e4nkung der Verarbeitung gegen\u00fcber dem Verantwortlichen geltend gemacht, ist dieser verpflichtet, allen Empf\u00e4ngern, denen die Sie betreffenden personenbezogenen Daten offengelegt wurden, diese Berichtigung oder L\u00f6schung der Daten oder Einschr\u00e4nkung der Verarbeitung mitzuteilen, es sei denn, dies erweist sich als unm\u00f6glich oder ist mit einem unverh\u00e4ltnism\u00e4\u00dfigen Aufwand verbunden. Ihnen steht gegen\u00fcber dem Verantwortlichen das Recht zu, \u00fcber diese Empf\u00e4nger unterrichtet zu werden. \u00a0 \u00a0 4.\u00a0 \u00a0 Recht auf Daten\u00fcbertragbarkeit Sie haben das Recht, die Sie betreffenden personenbezogenen Daten, die Sie dem Verantwortlichen bereitgestellt haben, in einem strukturierten, g\u00e4ngigen und maschinenlesbaren Format zu erhalten. Au\u00dferdem haben Sie das Recht diese Daten einem anderen Verantwortlichen ohne Behinderung durch den Verantwortlichen, dem die personenbezogenen Daten bereitgestellt wurden, zu \u00fcbermitteln, sofern (1)\u00a0 \u00a0 die Verarbeitung auf einer Einwilligung gem. Art.\u00a06 Abs.\u00a01 lit.\u00a0a DSGVO oder Art.\u00a09 Abs.\u00a02 lit.\u00a0a DSGVO oder auf einem Vertrag gem. Art.\u00a06 Abs.\u00a01 lit.\u00a0b DSGVO beruht und (2)\u00a0 \u00a0 die Verarbeitung mithilfe automatisierter Verfahren erfolgt. In Aus\u00fcbung dieses Rechts haben Sie ferner das Recht, zu erwirken, dass die Sie betreffenden personenbezogenen Daten direkt von einem Verantwortlichen einem anderen Verantwortlichen \u00fcbermittelt werden, soweit dies technisch machbar ist. Freiheiten und Rechte anderer Personen d\u00fcrfen hierdurch nicht beeintr\u00e4chtigt werden. Das Recht auf Daten\u00fcbertragbarkeit gilt nicht f\u00fcr eine Verarbeitung personenbezogener Daten, die f\u00fcr die Wahrnehmung einer Aufgabe erforderlich ist, die im \u00f6ffentlichen Interesse liegt oder in Aus\u00fcbung \u00f6ffentlicher Gewalt erfolgt, die dem Verantwortlichen \u00fcbertragen wurde. \u00a0 \u00a0 5.\u00a0 \u00a0 Widerspruchsrecht Sie haben das Recht, aus Gr\u00fcnden, die sich aus ihrer besonderen Situation ergeben, jederzeit gegen die Verarbeitung der Sie betreffenden personenbezogenen Daten, die aufgrund von Art.\u00a06 Abs.\u00a01 lit.\u00a0e oder f DSGVO erfolgt, Widerspruch einzulegen; dies gilt auch f\u00fcr ein auf diese Bestimmungen gest\u00fctztes Profiling.\u00a0 Der Verantwortliche verarbeitet die Sie betreffenden personenbezogenen Daten nicht mehr, es sei denn, er kann zwingende schutzw\u00fcrdige Gr\u00fcnde f\u00fcr die Verarbeitung nachweisen, die Ihre Interessen, Rechte und Freiheiten \u00fcberwiegen, oder die Verarbeitung dient der Geltendmachung, Aus\u00fcbung oder Verteidigung von Rechtsanspr\u00fcchen. Werden die Sie betreffenden personenbezogenen Daten verarbeitet, um Direktwerbung zu betreiben, haben Sie das Recht, jederzeit Widerspruch gegen die Verarbeitung der Sie betreffenden personenbezogenen Daten zum Zwecke derartiger Werbung einzulegen; dies gilt auch f\u00fcr das Profiling, soweit es mit solcher Direktwerbung in Verbindung steht. Widersprechen Sie der Verarbeitung f\u00fcr Zwecke der Direktwerbung, so werden die Sie betreffenden personenbezogenen Daten nicht mehr f\u00fcr diese Zwecke verarbeitet. Sie haben die M\u00f6glichkeit, im Zusammenhang mit der Nutzung von Diensten der Informationsgesellschaft \u2013 ungeachtet der Richtlinie 2002\/58\/EG \u2013 Ihr Widerspruchsrecht mittels automatisierter Verfahren auszu\u00fcben, bei denen technische Spezifikationen\u00a0 \u00a0 \u00a0 6.\u00a0 \u00a0 Recht auf Widerruf der datenschutzrechtlichen Einwilligungserkl\u00e4rung Sie haben das Recht, Ihre datenschutzrechtliche Einwilligungserkl\u00e4rung jederzeit zu widerrufen. Durch den Widerruf der Einwilligung wird die Rechtm\u00e4\u00dfigkeit der aufgrund der Einwilligung bis zum Widerruf erfolgten Verarbeitung nicht ber\u00fchrt. \u00a0 \u00a0 7.\u00a0 \u00a0 Automatisierte Entscheidung im Einzelfall einschlie\u00dflich Profiling Sie haben das Recht, nicht einer ausschlie\u00dflich auf einer automatisierten Verarbeitung \u2013 einschlie\u00dflich Profiling \u2013 beruhenden Entscheidung unterworfen zu werden, die Ihnen gegen\u00fcber rechtliche Wirkung entfaltet oder Sie in \u00e4hnlicher Weise erheblich beeintr\u00e4chtigt. Dies gilt nicht, wenn die Entscheidung\u00a0 (1)\u00a0 \u00a0 f\u00fcr den Abschluss oder die Erf\u00fcllung eines Vertrags zwischen Ihnen und dem Verantwortlichen erforderlich ist, (2)\u00a0 \u00a0 aufgrund von Rechtsvorschriften der Union oder der Mitgliedstaaten, denen der Verantwortliche unterliegt, zul\u00e4ssig ist und diese Rechtsvorschriften angemessene Ma\u00dfnahmen zur Wahrung Ihrer Rechte und Freiheiten sowie Ihrer berechtigten Interessen enthalten oder (3)\u00a0 \u00a0 mit Ihrer ausdr\u00fccklichen Einwilligung erfolgt. Allerdings d\u00fcrfen diese Entscheidungen nicht auf besonderen Kategorien personenbezogener Daten nach Art.\u00a09 Abs.\u00a01 DSGVO beruhen, sofern nicht Art.\u00a09 Abs.\u00a02 lit.\u00a0a oder g DSGVO gilt und angemessene Ma\u00dfnahmen zum Schutz der Rechte und Freiheiten sowie Ihrer berechtigten Interessen getroffen wurden. Hinsichtlich der in (1) und (3) genannten F\u00e4lle trifft der Verantwortliche angemessene Ma\u00dfnahmen, um die Rechte und Freiheiten sowie Ihre berechtigten Interessen zu wahren, wozu mindestens das Recht auf Erwirkung des Eingreifens einer Person seitens des Verantwortlichen, auf Darlegung des eigenen Standpunkts und auf Anfechtung der Entscheidung geh\u00f6rt. \u00a0 \u00a0 8.\u00a0 \u00a0 Recht auf Beschwerde bei einer Aufsichtsbeh\u00f6rde Unbeschadet eines anderweitigen verwaltungsrechtlichen oder gerichtlichen Rechtsbehelfs steht Ihnen das Recht auf Beschwerde bei einer Aufsichtsbeh\u00f6rde, insbesondere in dem Mitgliedstaat ihres Aufenthaltsorts, ihres Arbeitsplatzes oder des Orts des mutma\u00dflichen Versto\u00dfes, zu, wenn Sie der Ansicht sind, dass die Verarbeitung der Sie betreffenden personenbezogenen Daten gegen die DSGVO verst\u00f6\u00dft.\u00a0 \u2009 III. Hinweis zu Google Analytics Diese Website benutzt Google Analytics, einen Webanalysedienst der Google Inc. (\u201eGoogle\u201c).\u00a0 Google Analytics verwendet sog. \u201eCookies\u201c, d. h. Textdateien, die auf Ihrem Computer gespeichert werden und die eine Analyse der Benutzung der Website durch Sie erm\u00f6glicht. Die durch den Cookie erzeugten Informationen \u00fcber Ihre Benutzung diese Website (einschlie\u00dflich Ihrer IP-Adresse) wird an einen Server von Google in den USA \u00fcbertragen und dort gespeichert. Google wird diese Informationen benutzen, um Ihre Nutzung der Website auszuwerten, um Reports \u00fcber die Websiteaktivit\u00e4ten f\u00fcr die Websitebetreiber zusammenzustellen und um weitere mit der Websitenutzung und der Internetnutzung verbundene Dienstleistungen zu erbringen. Auch wird Google diese Informationen gegebenenfalls an Dritte \u00fcbertragen, sofern dies gesetzlich vorgeschrieben oder soweit Dritte diese Daten im Auftrag von Google verarbeiten. Google wird in keinem Fall Ihre IP-Adresse mit anderen Daten der Google in Verbindung bringen. Sie k\u00f6nnen die Installation der Cookies durch eine entsprechende Einstellung Ihrer Browser Software verhindern; wir weisen Sie jedoch darauf hin, dass Sie in diesem Fall gegebenenfalls nicht s\u00e4mtliche Funktionen dieser Website voll umf\u00e4nglich nutzen k\u00f6nnen. Durch die Nutzung dieser Website erkl\u00e4ren Sie sich mit der Bearbeitung der \u00fcber Sie erhobenen Daten durch Google in der zuvor beschriebenen Art und Weise und zu dem zuvor benannten Zweck einverstanden. [\/vc_column_text][\/vc_column][vc_column width=&#8220;1\/3&#8243;][\/vc_column][\/vc_row]<\/p>\n","protected":false},"author":1,"featured_media":0,"parent":0,"menu_order":0,"comment_status":"closed","ping_status":"closed","template":"","meta":{"footnotes":""},"class_list":["post-738","page","type-page","status-publish","hentry"],"_links":{"self":[{"href":"https:\/\/steuerkanzlei-hehl.de\/index.php?rest_route=\/wp\/v2\/pages\/738","targetHints":{"allow":["GET"]}}],"collection":[{"href":"https:\/\/steuerkanzlei-hehl.de\/index.php?rest_route=\/wp\/v2\/pages"}],"about":[{"href":"https:\/\/steuerkanzlei-hehl.de\/index.php?rest_route=\/wp\/v2\/types\/page"}],"author":[{"embeddable":true,"href":"https:\/\/steuerkanzlei-hehl.de\/index.php?rest_route=\/wp\/v2\/users\/1"}],"replies":[{"embeddable":true,"href":"https:\/\/steuerkanzlei-hehl.de\/index.php?rest_route=%2Fwp%2Fv2%2Fcomments&post=738"}],"version-history":[{"count":9,"href":"https:\/\/steuerkanzlei-hehl.de\/index.php?rest_route=\/wp\/v2\/pages\/738\/revisions"}],"predecessor-version":[{"id":810,"href":"https:\/\/steuerkanzlei-hehl.de\/index.php?rest_route=\/wp\/v2\/pages\/738\/revisions\/810"}],"wp:attachment":[{"href":"https:\/\/steuerkanzlei-hehl.de\/index.php?rest_route=%2Fwp%2Fv2%2Fmedia&parent=738"}],"curies":[{"name":"wp","href":"https:\/\/api.w.org\/{rel}","templated":true}]}}